{"id":10806,"date":"2024-02-07T06:07:34","date_gmt":"2024-02-07T06:07:34","guid":{"rendered":"https:\/\/culmia.dev.emood.es\/es\/?post_type=reconocimiento&#038;p=10806"},"modified":"2025-09-09T12:53:58","modified_gmt":"2025-09-09T10:53:58","slug":"cristina-gomez-responsable-de-prl-en-culmia-es-la-ganadora-de-la-segunda-edicion-de-los-premios-pecha-kucha","status":"publish","type":"reconocimiento","link":"https:\/\/www.culmia.com\/es\/blog\/reconocimiento\/cristina-gomez-responsable-de-prl-en-culmia-es-la-ganadora-de-la-segunda-edicion-de-los-premios-pecha-kucha\/","title":{"rendered":"Culmia, ganadora de la segunda edici\u00f3n de los premios Pecha Kucha por el viaje preventivo realizado en seguridad"},"content":{"rendered":"<ul> <li>Tras el \u00e9xito de la primera edici\u00f3n durante el VI Congreso, i+3 y PRLInnovaci\u00f3n volvieron a unirse para dar voz a los profesionales seleccionados en esta segunda Edici\u00f3n del Culture Club.<\/li> <\/ul> <p>&nbsp;<\/p> <p><img decoding=\"async\" class=\"alignnone size-large wp-image-10808\" src=\"https:\/\/www.culmia.com\/wp-content\/uploads\/2025\/07\/reconocimientos-feb-2024-1024x483.jpg\" alt=\"Cristina G\u00f3mez, responsable de PRL en Culmia, es la ganadora de la segunda edici\u00f3n de los premios Pecha Kucha\" width=\"1024\" height=\"483\" title=\"\" srcset=\"https:\/\/www.culmia.com\/wp-content\/uploads\/2025\/07\/reconocimientos-feb-2024-200x94.jpg 200w, https:\/\/www.culmia.com\/wp-content\/uploads\/2025\/07\/reconocimientos-feb-2024-300x141.jpg 300w, https:\/\/www.culmia.com\/wp-content\/uploads\/2025\/07\/reconocimientos-feb-2024-400x189.jpg 400w, https:\/\/www.culmia.com\/wp-content\/uploads\/2025\/07\/reconocimientos-feb-2024-600x283.jpg 600w, https:\/\/www.culmia.com\/wp-content\/uploads\/2025\/07\/reconocimientos-feb-2024-768x362.jpg 768w, https:\/\/www.culmia.com\/wp-content\/uploads\/2025\/07\/reconocimientos-feb-2024-800x377.jpg 800w, https:\/\/www.culmia.com\/wp-content\/uploads\/2025\/07\/reconocimientos-feb-2024-1024x483.jpg 1024w, https:\/\/www.culmia.com\/wp-content\/uploads\/2025\/07\/reconocimientos-feb-2024-1200x566.jpg 1200w, https:\/\/www.culmia.com\/wp-content\/uploads\/2025\/07\/reconocimientos-feb-2024-1536x724.jpg 1536w, https:\/\/www.culmia.com\/wp-content\/uploads\/2025\/07\/reconocimientos-feb-2024.jpg 1920w\" sizes=\"(max-width: 1024px) 100vw, 1024px\" \/><\/p> <p>&nbsp;<\/p> <p><strong>Cristina G\u00f3mez<\/strong>, figura destacada y responsable de Prevenci\u00f3n de Riesgos Laborales (PRL) en Culmia, se alz\u00f3 con el <strong>primer lugar<\/strong> en la segunda edici\u00f3n de los prestigiosos <strong>premios Pecha Kucha<\/strong>. Su apasionante ponencia, titulada <strong>\u201cLa lluvia fina de Seguridad y Salud\u201d,<\/strong> cautiv\u00f3 a la audiencia y consolid\u00f3 a Culmia como referente en compromiso y excelencia.<\/p> <p>Con esta ponencia, se pon\u00eda en valor \u201cel recorrido por el <strong>viaje preventivo<\/strong> que CULMIA ha realizado en seguridad durante nuestros cuatro a\u00f1os de andadura\u201d, afirmaba Cristina en declaraciones previas al evento. Adem\u00e1s, esta experiencia ten\u00eda como objetivo ense\u00f1ar c\u00f3mo la constancia y la aplicaci\u00f3n de <strong>\u201ctips\u201d preventivos<\/strong> han sido clave para alcanzar las metas en Seguridad y Salud.<\/p> <p>Este logro no solo destaca la dedicaci\u00f3n de Cristina, sino que tambi\u00e9n subraya el <strong>compromiso de Culmia<\/strong> con la seguridad y la salud en cada proyecto inmobiliario. La lluvia fina de conocimientos sobre estas tem\u00e1ticas es un fiel reflejo de la responsabilidad de Culmia con la calidad de vida y la <strong>construcci\u00f3n de comunidades<\/strong> seguras y sostenibles.<\/p> <p>Cristina G\u00f3mez, con su reconocida experiencia, ha contribuido significativamente a esta visi\u00f3n, y su participaci\u00f3n en los premios Pecha Kucha, ha permitido enfocar el <strong>liderazgo y los modelos emergentes<\/strong> que los profesionales de seguridad y salud deben incorporar en su pr\u00e1ctica diaria.<\/p> <p>Te invitamos a explorar m\u00e1s sobre el enfoque de Culmia en seguridad y salud en nuestro blog. Este art\u00edculo es m\u00e1s que una noticia, es una oportunidad para conectar y fomentar el di\u00e1logo enriquecedor sobre la importancia de estos temas en la industria inmobiliaria.<\/p> <p>\u00a1Enhorabuena Cristina!<\/p>","protected":false},"featured_media":17694,"template":"","meta":{"_acf_changed":false},"class_list":["post-10806","reconocimiento","type-reconocimiento","status-publish","has-post-thumbnail","hentry"],"acf":[],"_links":{"self":[{"href":"https:\/\/www.culmia.com\/es\/wp-json\/wp\/v2\/reconocimiento\/10806","targetHints":{"allow":["GET"]}}],"collection":[{"href":"https:\/\/www.culmia.com\/es\/wp-json\/wp\/v2\/reconocimiento"}],"about":[{"href":"https:\/\/www.culmia.com\/es\/wp-json\/wp\/v2\/types\/reconocimiento"}],"wp:featuredmedia":[{"embeddable":true,"href":"https:\/\/www.culmia.com\/es\/wp-json\/wp\/v2\/media\/17694"}],"wp:attachment":[{"href":"https:\/\/www.culmia.com\/es\/wp-json\/wp\/v2\/media?parent=10806"}],"curies":[{"name":"wp","href":"https:\/\/api.w.org\/{rel}","templated":true}]}}